{"id":28906,"date":"2018-06-20T09:04:47","date_gmt":"2018-06-20T08:05:04","guid":{"rendered":"https:\/\/www.fila.it\/ch\/product\/lyra-rembrandt-schwarzkreide-stift\/"},"modified":"2018-07-16T14:17:03","modified_gmt":"2018-07-16T12:17:03","slug":"lyra-rembrandt-schwarzkreide-stift","status":"publish","type":"product","link":"https:\/\/www.fila.it\/ch\/de\/product\/lyra-rembrandt-schwarzkreide-stift\/","title":{"rendered":"LYRA Rembrandt Schwarzkreide-Stift"},"content":{"rendered":"<p>Der LYRA Rembrandt Schwarzkreide-Stift eignet sich hervorragend zum Erstellen von Arbeiten und Skizzen im Stil der monochromen Malerei. Der Pastellstift ist wasserl\u00f6slich, leicht zu mischen und bei professionellen K\u00fcnstlern und Hobbyk\u00fcnstlern gleicherma\u00dfen beliebt. F\u00fcr transparente Elemente kann die aufgetragene Pastellkreide mit den Fingern, einem Verwischstift oder einem Knetradiergummi verwischt werden.   Fertiggestellte Werke m\u00fcssen mit einem Fixiermittel gesch\u00fctzt werden, damit die Kreidepartikel dauerhaft auf dem Untergrund haften.<\/p>\n","protected":false},"excerpt":{"rendered":"<p>LYRA Rembrandt Schwarzkreide-Stift \u2013 f\u00fcr scharfe Konturen<\/p>\n","protected":false},"featured_media":29543,"comment_status":"closed","ping_status":"open","template":"","meta":[],"product_cat":[4987],"product_tag":[4988,5036,5002],"acf":[],"_links":{"self":[{"href":"https:\/\/www.fila.it\/ch\/de\/wp-json\/wp\/v2\/product\/28906"}],"collection":[{"href":"https:\/\/www.fila.it\/ch\/de\/wp-json\/wp\/v2\/product"}],"about":[{"href":"https:\/\/www.fila.it\/ch\/de\/wp-json\/wp\/v2\/types\/product"}],"replies":[{"embeddable":true,"href":"https:\/\/www.fila.it\/ch\/de\/wp-json\/wp\/v2\/comments?post=28906"}],"wp:featuredmedia":[{"embeddable":true,"href":"https:\/\/www.fila.it\/ch\/de\/wp-json\/wp\/v2\/media\/29543"}],"wp:attachment":[{"href":"https:\/\/www.fila.it\/ch\/de\/wp-json\/wp\/v2\/media?parent=28906"}],"wp:term":[{"taxonomy":"product_cat","embeddable":true,"href":"https:\/\/www.fila.it\/ch\/de\/wp-json\/wp\/v2\/product_cat?post=28906"},{"taxonomy":"product_tag","embeddable":true,"href":"https:\/\/www.fila.it\/ch\/de\/wp-json\/wp\/v2\/product_tag?post=28906"}],"curies":[{"name":"wp","href":"https:\/\/api.w.org\/{rel}","templated":true}]}}