{"id":26526,"date":"2018-06-13T17:23:35","date_gmt":"2018-06-13T15:23:35","guid":{"rendered":"https:\/\/www.fila.it\/ch\/newsletter-subscription\/"},"modified":"2018-06-14T16:50:02","modified_gmt":"2018-06-14T14:50:02","slug":"newsletter-subscription","status":"publish","type":"page","link":"https:\/\/www.fila.it\/ch\/fr\/newsletter-subscription\/","title":{"rendered":"Inscriptions \u00e0 la newsletter"},"content":{"rendered":"<p><strong>Note d\u2019information sur le traitement des donn\u00e9es personnelles<\/strong><\/p>\n<p>Cette note d\u2019information est fournie en application des articles 13 et 14 du R\u00e8glement europ\u00e9en 679\/2016.<\/p>\n<p>La newsletter de F.I.L.A. est envoy\u00e9e par courrier \u00e9lectronique \u00e0 toute personne ayant fait explicitement la demande en remplissant le formulaire sur cette page et en autorisant par cons\u00e9quent F.I.L.A. au traitement de leurs donn\u00e9es personnelles.<\/p>\n<p>La fourniture des donn\u00e9es personnelles est facultative. Cependant, l\u2019\u00e9ventuel refus de les fournir peut se traduire par l&#8217;impossibilit\u00e9 de b\u00e9n\u00e9ficier du service de newsletter.<\/p>\n<p><strong>Finalit\u00e9s du traitement des donn\u00e9es personnelles<\/strong><\/p>\n<p>Les donn\u00e9es personnelles fournies par les utilisateurs sont utilis\u00e9es exclusivement \u00e0 l\u2019envoi de la newsletter et ne doivent en aucun cas \u00eatre divulgu\u00e9es \u00e0 des tiers.<\/p>\n<p><strong>M\u00e9thodes de traitement<\/strong><\/p>\n<p>Les donn\u00e9es collect\u00e9es sont trait\u00e9es \u00e0 l&#8217;aide d&#8217;outils informatiques. Des mesures de s\u00e9curit\u00e9 appropri\u00e9es sont adopt\u00e9es dans le but d&#8217;emp\u00eacher toute perte de donn\u00e9es, utilisation illicite ou inappropri\u00e9e et tout acc\u00e8s non autoris\u00e9.<\/p>\n<p><strong>Responsable du traitement des donn\u00e9es<\/strong><\/p>\n<p>Le responsable du traitement des donn\u00e9es est : F.I.L.A. &#8211; Fabbrica Italiana Lapis ed Affini S.p.A. &#8211; 5, Via XXV Aprile &#8211; 20016 Pero (MI), ITALIE. Veuillez noter que le service de newsletter fait appel \u00e9galement aux services de soci\u00e9t\u00e9s tierces sp\u00e9cialement d\u00e9sign\u00e9es.<\/p>\n<p><strong>Droits pour le sujet des donn\u00e9es<\/strong><\/p>\n<p>Le sujet des donn\u00e9es, auquel les donn\u00e9es personnelles font r\u00e9f\u00e9rence, peut exercer \u00e0 tout moment ses droits et obtenir la confirmation de l&#8217;existence ou non de donn\u00e9es personnelles le concernant. De plus, il peut obtenir des indications sur le contenu de ces donn\u00e9es et leur origine, v\u00e9rifier leur exactitude et demander qu\u2019elles soient corrig\u00e9es, compl\u00e9t\u00e9es ou mises \u00e0 jour. Le sujet des donn\u00e9es a \u00e9galement le droit de demander l&#8217;annulation ou la transformation de donn\u00e9es sous forme anonyme, le blocage du traitement des donn\u00e9es en violation de la loi et s&#8217;opposer \u00e0 leur traitement, dans tous les cas, pour des raisons l\u00e9gitimes.<\/p>\n","protected":false},"excerpt":{"rendered":"<p>Note d\u2019information sur le traitement des donn\u00e9es personnelles Cette note d\u2019information est fournie en application des articles 13 et 14 du R\u00e8glement europ\u00e9en 679\/2016. La newsletter de F.I.L.A. est envoy\u00e9e par courrier \u00e9lectronique \u00e0 toute personne ayant fait explicitement la &hellip; <a href=\"https:\/\/www.fila.it\/ch\/fr\/newsletter-subscription\/\">Suite<\/a><\/p>\n","protected":false},"author":3,"featured_media":0,"parent":0,"menu_order":0,"comment_status":"closed","ping_status":"closed","template":"","meta":[],"acf":[],"_links":{"self":[{"href":"https:\/\/www.fila.it\/ch\/fr\/wp-json\/wp\/v2\/pages\/26526"}],"collection":[{"href":"https:\/\/www.fila.it\/ch\/fr\/wp-json\/wp\/v2\/pages"}],"about":[{"href":"https:\/\/www.fila.it\/ch\/fr\/wp-json\/wp\/v2\/types\/page"}],"author":[{"embeddable":true,"href":"https:\/\/www.fila.it\/ch\/fr\/wp-json\/wp\/v2\/users\/3"}],"replies":[{"embeddable":true,"href":"https:\/\/www.fila.it\/ch\/fr\/wp-json\/wp\/v2\/comments?post=26526"}],"version-history":[{"count":2,"href":"https:\/\/www.fila.it\/ch\/fr\/wp-json\/wp\/v2\/pages\/26526\/revisions"}],"predecessor-version":[{"id":26598,"href":"https:\/\/www.fila.it\/ch\/fr\/wp-json\/wp\/v2\/pages\/26526\/revisions\/26598"}],"wp:attachment":[{"href":"https:\/\/www.fila.it\/ch\/fr\/wp-json\/wp\/v2\/media?parent=26526"}],"curies":[{"name":"wp","href":"https:\/\/api.w.org\/{rel}","templated":true}]}}