{"id":30374,"date":"2021-08-05T12:50:31","date_gmt":"2021-08-05T10:50:31","guid":{"rendered":"https:\/\/www.fila.it\/ch\/?page_id=30374"},"modified":"2022-12-21T14:28:48","modified_gmt":"2022-12-21T13:28:48","slug":"greenproject","status":"publish","type":"page","link":"https:\/\/www.fila.it\/ch\/fr\/greenproject\/","title":{"rendered":"Greenproject"},"content":{"rendered":"<style> p {line-height: 1.7;} h3{ font-size: 3rem;}@media all and (max-width: 736px){ h3 {font-size:1.5rem;} p,ul {line-height: 25px;}}<\/style>\n<div class=\"row\">\n<div class=\"col-md-12\">\n<div class=\"ctn_inner\">\n<div style=\"text-align: center;\">\n<p><img loading=\"lazy\" class=\"size-full wp-image-7392 aligncenter\" src=\"https:\/\/www.fila.it\/it\/it\/wp-content\/uploads\/sites\/2\/green_filagroup_pencil-2-1.png\" alt=\"Greenproject\" width=\"700px\" height=\"\" \/><\/p>\n<p><span class=\"hidden-mobile\"><br \/>\n<a href=\"https:\/\/www.fila.it\/it\/it\/brand\/giotto\/\"><img class=\"size-full wp-image-7484 aligncenter\" style=\"border-right: 1px solid blue; padding: 5px; max-height: 40px;\" src=\"https:\/\/www.fila.it\/it\/it\/wp-content\/uploads\/sites\/2\/giotto-hp.png\" alt=\"giotto\" height=\"40\" \/><\/a><a href=\"https:\/\/www.fila.it\/it\/it\/brand\/giotto-be-be\/\"><img class=\"aligncenter wp-image-7484 size-full\" style=\"border-right: 1px solid blue; padding: 5px; max-height: 40px;\" src=\"https:\/\/www.fila.it\/it\/it\/wp-content\/uploads\/sites\/2\/giotto-bebe-1.png\" alt=\"giotto\" height=\"40\" \/><\/a><a href=\"https:\/\/www.fila.it\/it\/it\/brand\/tratto\/\"><img class=\"size-full wp-image-7484 aligncenter\" style=\"border-right: 1px solid blue; padding: 5px; max-height: 40px;\" src=\"https:\/\/www.fila.it\/it\/it\/wp-content\/uploads\/sites\/2\/tratto.png\" alt=\"giotto\" height=\"40\" \/><\/a><a href=\"https:\/\/www.fila.it\/it\/it\/brand\/das\/\"><img class=\"size-full wp-image-7484 aligncenter\" style=\"border-right: 1px solid blue; padding: 5px; max-height: 40px;\" src=\"https:\/\/www.fila.it\/it\/it\/wp-content\/uploads\/sites\/2\/das.png\" alt=\"giotto\" height=\"40\" \/><\/a><a href=\"https:\/\/www.fila.it\/it\/it\/brand\/lyra\/\"><img class=\"size-full wp-image-7484 aligncenter\" style=\"border-right: 1px solid blue; padding: 5px; max-height: 40px;\" src=\"https:\/\/www.fila.it\/it\/it\/wp-content\/uploads\/sites\/2\/LYRA.png\" alt=\"giotto\" height=\"40\" \/><\/a><a href=\"https:\/\/www.maimeri.it\/\"><img class=\"size-full wp-image-7484 aligncenter\" style=\"border-right: 1px solid blue; padding: 5px; max-height: 40px;\" src=\"https:\/\/www.fila.it\/it\/it\/wp-content\/uploads\/sites\/2\/mameri.png\" alt=\"giotto\" height=\"40\" \/><\/a><a href=\"https:\/\/www.daler-rowney.com\/\"><img class=\"size-full wp-image-7484 aligncenter\" style=\"border-right: 1px solid blue; padding: 5px; max-height: 40px;\" src=\"https:\/\/www.fila.it\/it\/it\/wp-content\/uploads\/sites\/2\/daler-.png\" alt=\"giotto\" height=\"40\" \/><\/a><a href=\"https:\/\/it.canson.com\/\"><img class=\"size-full wp-image-7484 aligncenter\" style=\"padding: 5px; max-height: 40px;\" src=\"https:\/\/www.fila.it\/it\/it\/wp-content\/uploads\/sites\/2\/canson.png\" alt=\"giotto\" height=\"40\" \/><\/a><br \/>\n<\/span><br \/>\n<span class=\"hidden-desktop\"><br \/>\n<a href=\"https:\/\/www.fila.it\/it\/it\/brand\/giotto\/\"><img class=\"size-full wp-image-7484 aligncenter\" style=\"border-right: 1px solid #9a9a9a8c; padding: 5px; max-height: 40px;\" src=\"https:\/\/www.fila.it\/it\/it\/wp-content\/uploads\/sites\/2\/giotto-hp.png\" alt=\"giotto\" height=\"40\" \/><\/a><a href=\"https:\/\/www.fila.it\/it\/it\/brand\/giotto-be-be\/\"><img class=\"aligncenter wp-image-7484 size-full\" style=\"padding: 5px; max-height: 40px; border-right: 1px solid #9a9a9a8c;\" src=\"https:\/\/www.fila.it\/it\/it\/wp-content\/uploads\/sites\/2\/giotto-bebe-1.png\" alt=\"giotto\" height=\"40\" \/><\/a><a href=\"https:\/\/www.fila.it\/it\/it\/brand\/tratto\/\"><img class=\"size-full wp-image-7484 aligncenter\" style=\"border-right: 1px solid #9a9a9a8c; padding: 5px; max-height: 40px;\" src=\"https:\/\/www.fila.it\/it\/it\/wp-content\/uploads\/sites\/2\/tratto.png\" alt=\"giotto\" height=\"40\" \/><\/a><a href=\"https:\/\/www.fila.it\/it\/it\/brand\/das\/\"><img class=\"size-full wp-image-7484 aligncenter\" style=\"border-right: 1px solid #9a9a9a8c; padding: 5px; max-height: 40px;\" src=\"https:\/\/www.fila.it\/it\/it\/wp-content\/uploads\/sites\/2\/das.png\" alt=\"giotto\" height=\"40\" \/><\/a><a href=\"https:\/\/www.fila.it\/it\/it\/brand\/lyra\/\"><img class=\"size-full wp-image-7484 aligncenter\" style=\"border-right: 1px solid #9a9a9a8c; padding: 5px; max-height: 40px;\" src=\"https:\/\/www.fila.it\/it\/it\/wp-content\/uploads\/sites\/2\/LYRA.png\" alt=\"giotto\" height=\"40\" \/><\/a><a href=\"https:\/\/www.maimeri.it\/\"><img class=\"size-full wp-image-7484 aligncenter\" style=\"padding: 5px; max-height: 40px; border-right: 1px solid #9a9a9a8c;\" src=\"https:\/\/www.fila.it\/it\/it\/wp-content\/uploads\/sites\/2\/mameri.png\" alt=\"giotto\" height=\"40\" \/><\/a><a href=\"https:\/\/www.daler-rowney.com\/\"><img class=\"size-full wp-image-7484 aligncenter\" style=\"border-right: 1px solid #9a9a9a8c; padding: 5px; max-height: 40px;\" src=\"https:\/\/www.fila.it\/it\/it\/wp-content\/uploads\/sites\/2\/daler-.png\" alt=\"giotto\" height=\"40\" \/><\/a><a href=\"https:\/\/it.canson.com\/\"><img class=\"size-full wp-image-7484 aligncenter\" style=\"padding: 5px; max-height: 40px;\" src=\"https:\/\/www.fila.it\/it\/it\/wp-content\/uploads\/sites\/2\/canson.png\" alt=\"giotto\" height=\"40\" \/><\/a><br \/>\n<\/span><\/p>\n<\/div>\n<\/div>\n<\/div>\n<\/div>\n<div class=\"row\">\n<div class=\"col-md-12\">\n<div class=\"ctn_inner\">\n<h1 style=\"color: #35a35e; line-height: 0.8em; text-align: center;\">Notre engagement environnemental<\/h1>\n<p style=\"text-align: center; color: #35a35e;\">Le respect de l&#8217;environnement, et sa pr\u00e9servation, est plus qu&#8217;un engagement. C&#8217;est un cadeau que nous faisons \u00e0 nous-m\u00eames et aux g\u00e9n\u00e9rations futures.<br \/>\nLe changement commence avec nous. C&#8217;est pourquoi nos choix ont toujours \u00e9t\u00e9 guid\u00e9s par un engagement en faveur d&#8217;un d\u00e9veloppement durable qui pr\u00e9serve nos standards de qualit\u00e9 et de s\u00e9curit\u00e9. Tous ceux qui travaillent dans notre groupe partagent ces valeurs et fa\u00e7onnent nos d\u00e9cisions au quotidien.<\/p>\n<p>&nbsp;<\/p>\n<\/div>\n<div class=\"ctn_inner\">\n<h3 style=\"color: #35a35e; font-family: 'MacklinSans Black'; text-align: left;\">Nos sites de fabrication<\/h3>\n<\/div>\n<\/div>\n<\/div>\n<p><img class=\"alignnone size-full wp-image-7401 hidden-mobile\" src=\"https:\/\/www.fila.it\/it\/it\/wp-content\/uploads\/sites\/2\/siti.jpg\" alt=\"OUR MANUFACTURING SITES\" width=\"100%\" \/><br \/>\n<img class=\"alignnone size-full wp-image-7401 hidden-desktop\" style=\"margin-top: -23px;\" src=\"https:\/\/www.fila.it\/it\/it\/wp-content\/uploads\/sites\/2\/siti-mobile.jpg\" alt=\"OUR MANUFACTURING SITES\" width=\"100%\" \/><\/p>\n<p>Nous exer\u00e7ons nos activit\u00e9s de fabrication dans le respect de l&#8217;environnement. Cela commence par le suivi de notre utilisation des mati\u00e8res premi\u00e8res, de notre consommation d&#8217;\u00e9nergie et d&#8217;eau et de nos \u00e9missions, ainsi que par une surveillance \u00e9troite de la mani\u00e8re dont nous \u00e9liminons nos d\u00e9chets et de notre efficacit\u00e9 \u00e9nerg\u00e9tique. Nous avons construit nos usines loin des lieux prot\u00e9g\u00e9s et des sites \u00e0 haut niveau de biodiversit\u00e9, et nous avons mis en place des syst\u00e8mes et des processus qui prot\u00e8gent l&#8217;environnement, le territoire et l&#8217;\u00e9cosyst\u00e8me. Nos usines de production utilisent principalement de l&#8217;\u00e9nergie \u00e9lectrique, de la vapeur et du gaz naturel pour les processus de refroidissement et de chauffage et nous recherchons en permanence des moyens de r\u00e9duire notre consommation. Aujourd&#8217;hui, un tiers de l&#8217;\u00e9nergie n\u00e9cessaire \u00e0 l&#8217;alimentation de nos usines provient de la biomasse. Pour produire du papier, des peintures \u00e0 la d\u00e9trempe, des p\u00e2tes \u00e0 modeler et des craies, nous utilisons de l&#8217;eau. Nous surveillons en permanence notre consommation de cette ressource importante \u00e0 l&#8217;aide de syst\u00e8mes automatis\u00e9s qui peuvent limiter son utilisation au strict minimum.<\/p>\n<h3 style=\"color: #35a35e; font-family: 'MacklinSans Black'; text-align: left;\">Les ingr\u00e9dients qui font d&#8217;excellents produits.<\/h3>\n<p>Dans nos installations, nous s\u00e9lectionnons soigneusement les mati\u00e8res premi\u00e8res et favorisons l&#8217;utilisation de mati\u00e8res premi\u00e8res issues de sources renouvelables \u00e0 faible impact environnemental.<br \/>\nLes principaux mat\u00e9riaux que nous utilisons sont le bois, pour les crayons, les crayons de couleur, les toiles et les fibres pour le papier, le plastique, pour les stylos et feutres, les surligneurs, les accessoires et les r\u00e9cipients, l&#8217;amidon et la farine, pour les papiers et les p\u00e2tes \u00e0 modeler.<\/p>\n<p>Nous avons appliqu\u00e9 une approche durable au d\u00e9veloppement de produits en introduisant un protocole interne qui \u00e9tablit la mise en \u0153uvre de solutions visant \u00e0:<\/p>\n<ul style=\"font-size: 1.8rem; font-weight: 300; line-height: 1.7;\">\n<li><strong>promouvoir l&#8217;utilisation de mati\u00e8res premi\u00e8res issues de sources renouvelables et durables<\/strong><\/li>\n<li><strong>r\u00e9duire les mat\u00e9riaux d&#8217;emballage<\/strong><\/li>\n<li><strong>utiliser des emballages \u00e9cologiques<\/strong><\/li>\n<li><strong>am\u00e9liorer continuellement les performances des produits pour augmenter leur long\u00e9vit\u00e9 et r\u00e9duire les d\u00e9chets tout en respectant toutes les l\u00e9gislations en mati\u00e8re de s\u00e9curit\u00e9 et en garantissant des produits de qualit\u00e9 sup\u00e9rieure \u00e0 nos clients.<\/strong><\/li>\n<\/ul>\n<p>&nbsp;<\/p>\n<p><strong>Cliquez sur le sujet ci-dessous pour approfondir et d\u00e9couvrir plus.<\/strong><\/p>\n<p><span class=\"hidden-mobile\" style=\"text-decoration: underline; color: #2b7cad; line-height: 35px; padding-bottom: 30px;\"><br \/>\n<a href=\"#legno\"><em><strong>Bois issu de for\u00eats g\u00e9r\u00e9es de mani\u00e8re responsable &gt;<\/strong><\/em><\/a><br \/>\n<a href=\"#plastica\"><em><strong>Le plastique : un sujet qui nous tient \u00e0 c\u0153ur &gt;<\/strong><\/em><\/a><br \/>\n<a href=\"#carta\"><em><strong>Chaque peinture ou dessin a besoin de bon papier &gt;<\/strong><\/em><\/a><br \/>\n<a href=\"#quality\"><em><strong>Une meilleure qualit\u00e9 signifie moins de d\u00e9chets &gt;<\/strong><\/em><\/a><br \/>\n<a href=\"#confezioni\"><em><strong>Un \u0153il vigilant sur les emballages &gt;<\/strong><\/em><\/a><br \/>\n<\/span><\/p>\n<p><span class=\"hidden-desktop\" style=\"text-decoration: underline; font-size: 13px; color: #2b7cad; line-height: 20px;\"><br \/>\n<a style=\"padding-top: 20px; font-size: 13px;\" href=\"#legno-mobi\"><em><strong>Bois issu de for\u00eats g\u00e9r\u00e9es de mani\u00e8re responsable &gt;<\/strong><\/em><\/a><br \/>\n<a style=\"padding-top: 20px; font-size: 13px;\" href=\"#plastica-mobi\"><em><strong>Le plastique : un sujet qui nous tient \u00e0 c\u0153ur &gt;<\/strong><\/em><\/a><br \/>\n<a style=\"padding-top: 20px; font-size: 13px;\" href=\"#carta-mobi\"><em><strong>Chaque peinture ou dessin a besoin de bon papier &gt;<\/strong><\/em><\/a><br \/>\n<a style=\"padding-top: 20px; font-size: 13px;\" href=\"#quality-mobi\"><em><strong>Une meilleure qualit\u00e9 signifie moins de d\u00e9chets &gt;<\/strong><\/em><\/a><br \/>\n<a style=\"padding-top: 20px; font-size: 13px;\" href=\"#confezioni-mobi\"><em><strong>Un \u0153il vigilant sur les emballages &gt;<\/strong><\/em><\/a><br \/>\n<\/span><\/p>\n<p><img id=\"legno\" class=\"size-full wp-image-7401 aligncenter hidden-mobile\" style=\"padding-top: 50px;\" src=\"https:\/\/www.fila.it\/up\/sites\/7\/wood-1.jpg\" alt=\"GLI INGREDIENTI\" width=\"100%\" \/><br \/>\n<img id=\"legno-mobi\" class=\"size-full wp-image-7401 aligncenter hidden-desktop\" src=\"https:\/\/www.fila.it\/up\/sites\/7\/wood-mobile-1.jpg\" alt=\"GLI INGREDIENTI\" width=\"100%\" \/><\/p>\n<p>Les for\u00eats sont confront\u00e9es \u00e0 un certain nombre de d\u00e9fis climatiques, \u00e9cologiques, anthropiques et socio-\u00e9conomiques. La conservation des for\u00eats implique une gestion coordonn\u00e9e entre les diff\u00e9rents op\u00e9rateurs. La cha\u00eene de certification de la provenance du bois garantit une gestion durable des for\u00eats, tandis que la diversit\u00e9 biologique, le renouvellement des for\u00eats, la pr\u00e9vention des catastrophes naturelles, la protection des habitats essentiels et la r\u00e9duction de l&#8217;impact environnemental d\u00fb \u00e0 l&#8217;exploitation foresti\u00e8re seront assur\u00e9s pour les g\u00e9n\u00e9rations futures. Les for\u00eats certifi\u00e9es doivent remplir leurs fonctions \u00e9conomiques, \u00e9cologiques et sociales sans compromettre les autres \u00e9cosyst\u00e8mes. Les arbres en croissance transforment le dioxyde de carbone en oxyg\u00e8ne que nous respirons, contribuant ainsi \u00e0 r\u00e9duire et \u00e0 limiter l&#8217;effet de serre. La consommation responsable de cette ressource est fondamentale pour la survie de notre plan\u00e8te.<\/p>\n<p>Le bois passe par plusieurs \u00e9tapes avant de vous parvenir. La cha\u00eene de production est longue et complexe et doit \u00eatre document\u00e9e tout au long du processus, de l&#8217;arbre au produit fini. Pour cette raison, chaque maillon de la cha\u00eene est essentiel pour garantir la tra\u00e7abilit\u00e9 par le biais de la certification. C&#8217;est pourquoi FILA a d\u00e9j\u00e0 introduit l&#8217;utilisation de bois et de fibres provenant de for\u00eats g\u00e9r\u00e9es de mani\u00e8re responsable, correcte et durable.<\/p>\n<p><a class=\"image-link\" href=\"\/up\/sites\/4\/PEFC.jpg\" rel=\"attachment wp-att-7447\"><img class=\"hidden-mobile wp-image-7447 alignright\" style=\"float: right; margin-left: 1rem; margin-bottom: 2rem;\" src=\"\/up\/sites\/4\/PEFC.jpg\" alt=\"\" width=\"290\" \/><\/a>Depuis le si\u00e8cle dernier, l&#8217;un des bois couramment utilis\u00e9s pour produire nos crayons Lyra et Giotto ainsi que nos crayons de couleur est le c\u00e8dre \u00e0 encens de Californie, qui, en plus d&#8217;\u00eatre historiquement l&#8217;un des bois les plus adapt\u00e9s \u00e0 la fabrication de crayons, satisfait depuis longtemps \u00e0 des protocoles stricts en mati\u00e8re de durabilit\u00e9 : Programme de reconnaissance des certifications foresti\u00e8res (PEFC). Le bois de c\u00e8dre \u00e0 l&#8217;encens provient des for\u00eats de Californie, o\u00f9 de nouveaux arbres sont plant\u00e9s \u00e0 la place des arbres adultes r\u00e9colt\u00e9s, cr\u00e9ant ainsi la prochaine g\u00e9n\u00e9ration de la for\u00eat. Les cycles de r\u00e9colte sont espac\u00e9s et n&#8217;impliquent la coupe que d&#8217;un petit pourcentage des arbres existants, selon des r\u00e8gles clairement d\u00e9finies pour maintenir la biodiversit\u00e9 et promouvoir un m\u00e9lange naturel de flore et de faune afin de permettre la survie des esp\u00e8ces animales, y compris celles qui sont menac\u00e9es.<\/p>\n<p><img class=\"hidden-desktop\" style=\"margin-top: 0,5rem;\" src=\"\/up\/sites\/4\/PEFC.jpg\" alt=\"PEFC\" width=\"199\" \/><br \/>\n<strong><a class=\"image-link\" href=\"\/up\/sites\/4\/FSC-1.jpg\" rel=\"attachment wp-att-7445\"><img class=\"hidden-mobile wp-image-7445 alignright\" style=\"float: right; margin-left: 1rem; margin-bottom: 2rem;\" src=\"\/up\/sites\/4\/FSC-1.jpg\" alt=\"\" width=\"290\" \/><\/a><\/strong><\/p>\n<p>Dans ce cas, le label <strong>FSC\u00ae (Forest Stewardship Council \u00ae)<\/strong> certifie la cha\u00eene de tra\u00e7abilit\u00e9.<\/p>\n<p>Afin de r\u00e9duire les d\u00e9chets, un syst\u00e8me de r\u00e9cup\u00e9ration et de r\u00e9utilisation des d\u00e9chets de bois est en place &#8211; d\u00e9chets provenant des coupes qui sont une partie n\u00e9cessaire de la production des crayons &#8211; et dans une d\u00e9marche d&#8217;\u00e9conomie circulaire, certaines de nos gammes de crayons et de cadres pour toiles sont fabriqu\u00e9es avec des d\u00e9chets de bois r\u00e9cup\u00e9r\u00e9s par un processus industriel.<br \/>\n<img class=\"hidden-desktop alignright\" style=\"margin-left: 0.5rem;\" src=\"\/up\/sites\/4\/FSC-1.jpg\" alt=\"\" width=\"194\" \/><\/p>\n<p><img class=\"hidden-mobile size-full wp-image-7401 aligncenter\" style=\"padding-top: 55px;\" src=\"https:\/\/www.fila.it\/it\/it\/wp-content\/uploads\/sites\/2\/table-1.jpg\" alt=\"\" \/><img class=\"hidden-desktop size-full wp-image-7401 aligncenter\" src=\"https:\/\/www.fila.it\/it\/it\/wp-content\/uploads\/sites\/2\/table-mobile-1.png\" alt=\"\" \/><\/p>\n<p><img id=\"plastica\" class=\"size-full wp-image-7401 aligncenter hidden-mobile\" style=\"padding-top: 50px;\" src=\"https:\/\/www.fila.it\/up\/sites\/7\/plastic-1.jpg\" alt=\"plastic\" width=\"100%\" \/><br \/>\n<img id=\"plastica-mobi\" class=\"size-full wp-image-7401 aligncenter hidden-desktop\" src=\"https:\/\/www.fila.it\/up\/sites\/7\/plastic-mobile-1.jpg\" alt=\"plastic\" width=\"100%\" \/><\/p>\n<p>La plupart des plastiques actuellement disponibles sur la plan\u00e8te proviennent encore de combustibles fossiles (p\u00e9trole) et sont utilis\u00e9s dans un large \u00e9ventail de secteurs pour fabriquer les nombreux objets, articles et composants que nous rencontrons dans notre vie quotidienne.<\/p>\n<p><strong>BIOPLASTIQUES<\/strong><\/p>\n<p>Ces derni\u00e8res ann\u00e9es, la recherche de solutions innovantes dans le domaine des bioplastiques a connu un essor important. Les bioplastiques sont divis\u00e9s en deux grands groupes :<\/p>\n<ul style=\"font-size: 1.8rem; font-weight: 300; line-height: 1.7;\">\n<li>des plastiques biosourc\u00e9s* qui contribuent \u00e0 r\u00e9duire les \u00e9missions de CO2 et qui sont fabriqu\u00e9s \u00e0 partir d&#8217;une ressource renouvelable et non fossile. Cette famille comprend les polym\u00e8res biosourc\u00e9s non biod\u00e9gradables tels que le PE biosourc\u00e9, le PET biosourc\u00e9, le PA biosourc\u00e9, le PU biosourc\u00e9, etc.<\/li>\n<li>les plastiques biod\u00e9gradables produits \u00e0 partir de mati\u00e8res organiques ou \u00e0 base de polyesters synth\u00e9tiques biod\u00e9gradables qui peuvent se d\u00e9grader rapidement dans l&#8217;environnement, en partie en raison de leur \u00e9paisseur r\u00e9duite. Certains exemples de plastique biod\u00e9gradable comprennent ceux d\u00e9riv\u00e9s de la f\u00e9cule de ma\u00efs, du bl\u00e9, du tapioca, de la pomme de terre, de la f\u00e9cule de pomme de terre ou des restes de l\u00e9gumes tels que la peau de pomme de terre. Ces plastiques sont maintenant largement utilis\u00e9s pour fabriquer des sacs d&#8217;\u00e9picerie et des sacs pour les d\u00e9chets de cuisine.<\/li>\n<\/ul>\n<p>Dans nos services de recherche et d\u00e9veloppement, nous \u00e9tudions et testons les bioplastiques pour comprendre leur application possible pour nos produits, la p\u00e9rennit\u00e9 de leur production et les performances du produit fini.<\/p>\n<p>&nbsp;<\/p>\n<p><a class=\"image-link\" href=\"\/up\/sites\/7\/green_polyethylene_lifecycle_fr.jpg\" rel=\"attachment wp-att-7449\"><img class=\"hidden-mobile wp-image-7449 alignright\" style=\"float: right;\" src=\"\/up\/sites\/7\/green_polyethylene_lifecycle_fr.jpg\" alt=\"\" width=\"471\" \/><\/a>\u00c0 ce jour, les plastiques biosourc\u00e9s d&#8217;origine v\u00e9g\u00e9tale se sont av\u00e9r\u00e9s particuli\u00e8rement int\u00e9ressants en tant que substitut du plastique \u00e0 base de combustibles fossiles dans certains de nos processus de production. Plus pr\u00e9cis\u00e9ment, en 2019, nous avons introduit avec succ\u00e8s le plastique biosourc\u00e9 &#8211; un mat\u00e9riau issu de la transformation de la canne \u00e0 sucre &#8211; pour la production en s\u00e9rie d&#8217;articles durables et semi-durables tels que des contenants et des \u00ab schoolpacks \u00bb utilis\u00e9s \u00e0 l&#8217;\u00e9cole pour contenir des crayons et des feutres, ou des articles de jeu tels que les r\u00e9cents \u0153ufs en plastique destin\u00e9s aux jeunes enfants qui contiennent des crayons et de la p\u00e2te \u00e0 modeler.<\/p>\n<p><em><small><strong>*Le composant renouvelable ou le contenu biosourc\u00e9 de nos produits est scientifiquement prouv\u00e9 et peut \u00eatre mesur\u00e9 en utilisant le pourcentage de l&#8217;isotope 14C, qui n&#8217;est pas pr\u00e9sent dans les plastiques p\u00e9troliers. La m\u00e9thode d&#8217;essai standard pour cela est la norme ASTM 6866 qui &#8220;d\u00e9termine le contenu biosourc\u00e9 d&#8217;\u00e9chantillons solides, liquides et gazeux \u00e0 l&#8217;aide d&#8217;une analyse au radiocarbone&#8221;.<br \/>\n<\/strong><\/small><\/em><\/p>\n<p><img class=\"hidden-desktop wp-image-7449 alignright\" style=\"float: right;\" src=\"\/up\/sites\/7\/green_polyethylene_lifecycle_fr.jpg\" alt=\"\" width=\"471\" \/><\/p>\n<p>Enfin, en mati\u00e8re de bioplastiques, nous avons remplac\u00e9 tous nos contenants de colles et peintures (250 ml, 500 ml et 1000 ml), auparavant fabriqu\u00e9s en PET \u00e0 base de combustible fossile, par du BioPET d&#8217;origine v\u00e9g\u00e9tale.<br \/>\nCes contenants respectueux de l&#8217;environnement conservent leurs qualit\u00e9s de pr\u00e9servation du produit et peuvent \u00eatre recycl\u00e9s en plastique apr\u00e8s utilisation.<\/p>\n<p><img class=\"size-full wp-image-7401 aligncenter hidden-mobile\" src=\"\/up\/sites\/4\/prodotti-1.jpg\" alt=\"prodotti eco\" width=\"100%\" \/><br \/>\n<img class=\"size-full wp-image-7401 aligncenter hidden-desktop\" src=\"\/up\/sites\/4\/prodotti-mobile.jpg\" alt=\"prodotti eco\" width=\"100%\" \/><\/p>\n<p><strong>PLASTIQUES RECYCLES PRE ET POST CONSOMMATION<\/strong><\/p>\n<p><img class=\"hidden-mobile wp-image-7456 alignright\" style=\"float: right;\" src=\"\/up\/sites\/7\/plastica-riciclata.png\" alt=\"\" width=\"380\" \/>Une autre \u00e9tude men\u00e9e \u00e0 l&#8217;usine italienne de Rufina (Florence) sur les utilisations possibles des plastiques recycl\u00e9s pr\u00e9 et post-consommation nous ont permis fin 2020 d&#8217;industrialiser des polym\u00e8res comprenant des mati\u00e8res premi\u00e8res secondaires et des sous-produits &#8211; les mat\u00e9riaux plastiques issus de la valorisation des d\u00e9chets en fin de vie, tels que les d\u00e9chets industriels pr\u00e9-consommation, et les d\u00e9chets plastiques industriels et les d\u00e9chets de production, respectivement.<br \/>\nCes mati\u00e8res, qui r\u00e9pondent aux exigences de qualit\u00e9 et de tra\u00e7abilit\u00e9 pour l&#8217;\u00e9laboration de nos articles, ont remplac\u00e9 les mati\u00e8res premi\u00e8res vierges utilis\u00e9es pour fabriquer tous les corps et capuchons de nos stylos \u00e0 bille Tratto1. D\u00e9sormais disponible uniquement dans la version \u00abverte\u00bb.<\/p>\n<p>&nbsp;<\/p>\n<p>&nbsp;<\/p>\n<p><img class=\"hidden-desktop wp-image-7456 aligncenter\" style=\"margin-bottom: 30px;\" src=\"\/up\/sites\/7\/plastica-riciclata.png\" alt=\"\" width=\"380\" \/><br \/>\n<strong>Le monde des \u00e9co-plastiques est en constante \u00e9volution, et notre engagement \u00e0 tester et \u00e0 rechercher de nouvelles solutions durables en accord avec la philosophie de l&#8217;\u00e9conomie circulaire &#8211; pour la valorisation des d\u00e9chets et la r\u00e9duction des d\u00e9chets &#8211; ouvre la voie \u00e0 de nouvelles applications de ces mat\u00e9riaux et leur augmentation progressive de leur utilisation, compatible avec leur ad\u00e9quation avec les produits du Groupe.<br \/>\n<\/strong><\/p>\n<p><img id=\"carta\" class=\"size-full wp-image-7401 aligncenter hidden-mobile\" style=\"padding-top: 50px;\" src=\"https:\/\/www.fila.it\/up\/sites\/7\/paper-1.jpg\" alt=\"paper\" width=\"100%\" \/><br \/>\n<img id=\"carta-mobi\" class=\"size-full wp-image-7401 aligncenter hidden-desktop\" src=\"https:\/\/www.fila.it\/up\/sites\/7\/paper-mobile.jpg\" alt=\"paper\" width=\"100%\" \/><\/p>\n<p>L&#8217;eau est la principale ressource naturelle utilis\u00e9e dans la production de papier.<br \/>\nLes papetiers Canson\u00ae, fond\u00e9s en 1500 et faisant aujourd&#8217;hui partie du groupe FILA, utilisent les eaux pures du bassin de l&#8217;Ard\u00e8che en France. La qualit\u00e9 de l&#8217;approvisionnement en eau est une priorit\u00e9 pour nous. Les rivi\u00e8res autour de Canson\u00ae ont \u00e9t\u00e9 class\u00e9es en cat\u00e9gorie 1 (class\u00e9e \u00ab excellente qualit\u00e9 \u00bb) par l&#8217;Agence de l&#8217;Eau, l&#8217;Agence de l&#8217;Eau.<br \/>\nNous n&#8217;utilisons pas d&#8217;azurants optiques ni de substances chimiques pour fabriquer notre papier et l&#8217;absence de substances toxiques dans le processus de production est essentielle pour deux raisons : un impact environnemental moindre et la survie des \u0153uvres d&#8217;art \u00e0 travers les si\u00e8cles.<br \/>\nLes mati\u00e8res premi\u00e8res du papier Canson pour les \u00e9tudiants et les artistes, comme le papier Giotto produit \u00e0 la papeterie Canson, utilisent des fibres issues d&#8217;une fili\u00e8re certifi\u00e9e FSC\u00ae et un biomat\u00e9riau, l&#8217;amidon, indispensable pour augmenter la r\u00e9sistance du papier \u00e0 la d\u00e9chirure et au d\u00e9chirement, pour le collage des surfaces par le dimensionnement, et pr\u00e9venir l&#8217;apparition de poussi\u00e8re. En savoir plus sur <a href=\"https:\/\/it.canson.com\/\">canson.com<\/a><\/p>\n<p><img class=\"size-full wp-image-7401 aligncenter hidden-mobile\" style=\"padding-top: 55px;\" src=\"https:\/\/www.fila.it\/it\/it\/wp-content\/uploads\/sites\/2\/disegni-1.png\" alt=\"Brand\" \/><br \/>\n<img class=\"size-full wp-image-7401 aligncenter hidden-desktop\" src=\"https:\/\/www.fila.it\/it\/it\/wp-content\/uploads\/sites\/2\/marche-1.jpg\" alt=\"Brand\" \/><\/p>\n<p><img id=\"quality\" class=\"size-full wp-image-7401 aligncenter hidden-mobile\" style=\"padding-top: 50px;\" src=\"https:\/\/www.fila.it\/up\/sites\/7\/quality-1.jpg\" alt=\"quality\" width=\"100%\" \/><br \/>\n<img id=\"quality-mobi\" class=\"size-full wp-image-7401 aligncenter hidden-desktop\" src=\"https:\/\/www.fila.it\/up\/sites\/7\/quality-mobile-1.jpg\" alt=\"quality\" width=\"100%\" \/><\/p>\n<p>La long\u00e9vit\u00e9 et la performance sont deux aspects qui influencent la r\u00e9duction des d\u00e9chets : nous suivons cette philosophie dans tout ce que nous faisons, chaque jour. Pour ne citer que quelques exemples : nos feutres durent plus longtemps car nous choisissons des pointes en fibres qui sont \u00e0 la fois douces et r\u00e9sistantes, conservent leur forme et permettent d&#8217;utiliser compl\u00e8tement l&#8217;encre contenue dans le r\u00e9servoir. Les encres des feutres ont des couleurs vives et ne se dess\u00e8chent pas m\u00eame si le capuchon est oubli\u00e9 plusieurs jours. Les crayons et crayons de couleur sont fabriqu\u00e9s avec des mines solides hautement pigment\u00e9s qui donnent une couleur instantan\u00e9e au papier, tout en s&#8217;usant lentement. Les b\u00e2tons de colle ne se d\u00e9sint\u00e8grent pas, sont compacts et d\u00e9livrent juste la bonne quantit\u00e9 de colle sur le papier pour une utilisation optimale ; les peintures sont riches et concentr\u00e9es et une petite quantit\u00e9 offre d&#8217;excellents r\u00e9sultats ; les stylos, surligneurs et marqueurs ont un grand r\u00e9servoir d&#8217;encre et dureront longtemps.<\/p>\n<p><img id=\"confezioni\" class=\"size-full wp-image-7401 aligncenter hidden-mobile\" style=\"padding-top: 50px;\" src=\"https:\/\/www.fila.it\/up\/sites\/7\/pack-1.jpg\" alt=\"confezioni\" width=\"100%\" \/><br \/>\n<img id=\"confezioni-mobi\" class=\"size-full wp-image-7401 aligncenter hidden-desktop\" src=\"https:\/\/www.fila.it\/up\/sites\/7\/pack-mobile-1.jpg\" alt=\"confezioni\" width=\"100%\" \/><\/p>\n<p>Le choix des mat\u00e9riaux utilis\u00e9s pour les emballages est un autre aspect crucial pour un avenir durable c&#8217;est pourquoi : nous r\u00e9duisons progressivement les emballages au strict minimum, les compactons pour r\u00e9duire leur impact environnemental pour une r\u00e9duction des d\u00e9chets et des \u00e9missions dues au transport des produits. Nous recherchons des solutions respectueuses de l&#8217;environnement pour nos emballages, favorisant l&#8217;utilisation de carton, de pr\u00e9f\u00e9rence recycl\u00e9. Nous r\u00e9duisons progressivement les emballages plastiques utilis\u00e9s, afin de garantir l&#8217;int\u00e9grit\u00e9 du produit pendant le transport et en magasin. Nous rempla\u00e7ons progressivement le plastique \u00e0 base de combustibles fossiles par d&#8217;autres mat\u00e9riaux tels que le recyclage Plastique R-PET pour sachets et blisters.<\/p>\n<p>&nbsp;<\/p>\n<p><a href=\"https:\/\/www.filagroup.it\/en\/sustainability-plan\/\"><img class=\"size-full wp-image-7401 aligncenter hidden-mobile\" src=\"\/up\/sites\/7\/sostenibilita.jpg\" alt=\"Piano sostenibilit\u00e0\" width=\"100%\" \/><\/a><br \/>\n<a href=\"https:\/\/www.filagroup.it\/en\/sustainability-plan\/\"><img class=\"size-full wp-image-7401 aligncenter hidden-desktop\" src=\"\/up\/sites\/7\/sostenibilita-mobile.jpg\" alt=\"Piano sostenibilit\u00e0\" width=\"100%\" \/><\/a><\/p>\n","protected":false},"excerpt":{"rendered":"<p>Notre engagement environnemental Le respect de l&#8217;environnement, et sa pr\u00e9servation, est plus qu&#8217;un engagement. C&#8217;est un cadeau que nous faisons \u00e0 nous-m\u00eames et aux g\u00e9n\u00e9rations futures. Le changement commence avec nous. C&#8217;est pourquoi nos choix ont toujours \u00e9t\u00e9 guid\u00e9s par &hellip; <a href=\"https:\/\/www.fila.it\/ch\/fr\/greenproject\/\">Suite<\/a><\/p>\n","protected":false},"author":3,"featured_media":0,"parent":0,"menu_order":0,"comment_status":"closed","ping_status":"closed","template":"template-greenproject.php","meta":[],"acf":[],"_links":{"self":[{"href":"https:\/\/www.fila.it\/ch\/fr\/wp-json\/wp\/v2\/pages\/30374"}],"collection":[{"href":"https:\/\/www.fila.it\/ch\/fr\/wp-json\/wp\/v2\/pages"}],"about":[{"href":"https:\/\/www.fila.it\/ch\/fr\/wp-json\/wp\/v2\/types\/page"}],"author":[{"embeddable":true,"href":"https:\/\/www.fila.it\/ch\/fr\/wp-json\/wp\/v2\/users\/3"}],"replies":[{"embeddable":true,"href":"https:\/\/www.fila.it\/ch\/fr\/wp-json\/wp\/v2\/comments?post=30374"}],"version-history":[{"count":3,"href":"https:\/\/www.fila.it\/ch\/fr\/wp-json\/wp\/v2\/pages\/30374\/revisions"}],"predecessor-version":[{"id":30570,"href":"https:\/\/www.fila.it\/ch\/fr\/wp-json\/wp\/v2\/pages\/30374\/revisions\/30570"}],"wp:attachment":[{"href":"https:\/\/www.fila.it\/ch\/fr\/wp-json\/wp\/v2\/media?parent=30374"}],"curies":[{"name":"wp","href":"https:\/\/api.w.org\/{rel}","templated":true}]}}